{"id":864,"date":"2022-02-24T14:11:38","date_gmt":"2022-02-24T14:11:38","guid":{"rendered":"https:\/\/digigo-project.eu\/toolkit\/"},"modified":"2024-02-21T13:16:29","modified_gmt":"2024-02-21T13:16:29","slug":"toolkit","status":"publish","type":"page","link":"https:\/\/digigo-project.eu\/de\/toolkit\/","title":{"rendered":"Toolkit"},"content":{"rendered":"<h1><span>Toolkit<\/span><\/h1>\n<div>\n<p>Das Toolkit f\u00fcr die Entwicklung digitaler Kompetenzen zielt darauf ab, die Entwicklung digitaler Schl\u00fcsselkompetenzen zu unterst\u00fctzen, die mit dem Digitalen Kompetenzrahmen f\u00fcr B\u00fcrger 2.0 (DigComp) \u00fcbereinstimmen:<\/p>\n<ol>\n<li>Informations- und Datenkompetenz.<\/li>\n<li>Kommunikation und Kollaboration.<\/li>\n<li>Sicherheit.<\/li>\n<li>Erstellung digitaler Inhalte.<\/li>\n<\/ol>\n<p>Dieses Ergebnis hat eine starke sozialp\u00e4dagogische Komponente und wird in einer Mikro-Lernperspektive entwickelt, da es umfassende Informationen in kleinere Teile unterteilt, die sich gegenseitig erg\u00e4nzen k\u00f6nnen.<\/p>\n<\/div>\n<p>\n    <a href=\"https:\/\/digigo-project.eu\/wp-content\/uploads\/2024\/02\/DIGI-GO_PR1_Toolkit-of-Digital-Development_framework_Final-version_GER.pdf\">Lesen Sie das Toolkit<\/a>\n<\/p>\n<p><img decoding=\"async\" src=\"\/wp-content\/uploads\/2022\/09\/DigiGo_webDesign_030822_hv-05.svg\" alt=\"e-learning\"><\/p>\n<p><!--more--><br \/>\n<!-- {\"name\":\"Tooklit page BKP - 12.9.22\",\"type\":\"layout\",\"children\":[{\"type\":\"section\",\"props\":{\"style\":\"default\",\"width\":\"default\",\"vertical_align\":\"middle\",\"title_position\":\"top-left\",\"title_rotation\":\"left\",\"title_breakpoint\":\"xl\",\"image_position\":\"center-center\",\"padding_remove_top\":false,\"padding_remove_bottom\":false,\"padding\":\"xsmall\"},\"children\":[{\"type\":\"row\",\"children\":[{\"type\":\"column\",\"props\":{\"position_sticky_breakpoint\":\"m\",\"image_position\":\"center-center\",\"media_overlay_gradient\":\"\"},\"children\":[{\"type\":\"headline\",\"props\":{\"title_element\":\"h1\",\"title_style\":\"heading-medium\",\"content\":\"<span>Toolkit<\\\/span>\",\"title_color\":\"primary\"}}]}]}]},{\"type\":\"section\",\"props\":{\"style\":\"default\",\"width\":\"default\",\"vertical_align\":\"middle\",\"title_position\":\"top-left\",\"title_rotation\":\"left\",\"title_breakpoint\":\"xl\",\"image_position\":\"center-center\",\"animation\":\"fade\"},\"children\":[{\"type\":\"row\",\"props\":{\"layout\":\"1-2,1-2\"},\"children\":[{\"type\":\"column\",\"props\":{\"position_sticky_breakpoint\":\"m\",\"image_position\":\"center-center\",\"media_overlay_gradient\":\"\",\"width_medium\":\"1-2\"},\"children\":[{\"type\":\"text\",\"props\":{\"margin\":\"default\",\"column_breakpoint\":\"m\",\"content\":\"\n\n<p>Das Toolkit f\\u00fcr die Entwicklung digitaler Kompetenzen zielt darauf ab, die Entwicklung digitaler Schl\\u00fcsselkompetenzen zu unterst\\u00fctzen, die mit dem Digitalen Kompetenzrahmen f\\u00fcr B\\u00fcrger 2.0 (DigComp) \\u00fcbereinstimmen:<\\\/p>\\n\n\n<ol>\\n\n\n<li>Informations- und Datenkompetenz.<\\\/li>\\n\n\n<li>Kommunikation und Kollaboration.<\\\/li>\\n\n\n<li>Sicherheit.<\\\/li>\\n\n\n<li>Erstellung digitaler Inhalte.<\\\/li>\\n<\\\/ol>\\n\n\n<p>Dieses Ergebnis hat eine starke sozialp\\u00e4dagogische Komponente und wird in einer Mikro-Lernperspektive entwickelt, da es umfassende Informationen in kleinere Teile unterteilt, die sich gegenseitig erg\\u00e4nzen k\\u00f6nnen.<\\\/p>\"}},{\"type\":\"button\",\"props\":{\"grid_column_gap\":\"small\",\"grid_row_gap\":\"small\",\"margin\":\"default\"},\"children\":[{\"type\":\"button_item\",\"props\":{\"link_title\":\"\",\"link\":\"https:\\\/\\\/digigo-project.eu\\\/wp-content\\\/uploads\\\/2024\\\/02\\\/DIGI-GO_PR1_Toolkit-of-Digital-Development_framework_Final-version_GER.pdf\",\"icon\":\"download\",\"content\":\"Lesen Sie das Toolkit\",\"button_style\":\"primary\",\"link_target\":\"blank\",\"icon_align\":\"left\"}}],\"name\":\"Reads the toolkit\"}]},{\"type\":\"column\",\"props\":{\"position_sticky_breakpoint\":\"m\",\"image_position\":\"center-center\",\"media_overlay_gradient\":\"\",\"width_medium\":\"1-2\"},\"children\":[{\"type\":\"image\",\"props\":{\"margin\":\"default\",\"image_svg_color\":\"emphasis\",\"image\":\"wp-content\\\/uploads\\\/2022\\\/09\\\/DigiGo_webDesign_030822_hv-05.svg\",\"image_alt\":\"e-learning\",\"maxwidth\":\"large\",\"block_align\":\"right\",\"block_align_breakpoint\":\"l\",\"block_align_fallback\":\"center\"}}]}]}],\"name\":\"Overview\"},{\"type\":\"section\",\"props\":{\"style\":\"default\",\"width\":\"default\",\"vertical_align\":\"middle\",\"title_position\":\"top-left\",\"title_rotation\":\"left\",\"title_breakpoint\":\"xl\",\"image_position\":\"center-center\"},\"children\":[{\"type\":\"row\",\"children\":[{\"type\":\"column\",\"props\":{\"position_sticky_breakpoint\":\"m\",\"image_position\":\"center-center\",\"media_overlay_gradient\":\"\"},\"children\":[]}]}]}],\"version\":\"2.7.22\"} --><\/p>\n","protected":false},"excerpt":{"rendered":"<p>Toolkit Das Toolkit f\u00fcr die Entwicklung digitaler Kompetenzen zielt darauf ab, die Entwicklung digitaler Schl\u00fcsselkompetenzen zu unterst\u00fctzen, die mit dem Digitalen Kompetenzrahmen f\u00fcr B\u00fcrger 2.0..<\/p>\n","protected":false},"author":1,"featured_media":0,"parent":0,"menu_order":0,"comment_status":"closed","ping_status":"closed","template":"","meta":{"_acf_changed":false,"inline_featured_image":false,"footnotes":""},"class_list":["post-864","page","type-page","status-publish","hentry"],"acf":[],"_links":{"self":[{"href":"https:\/\/digigo-project.eu\/de\/wp-json\/wp\/v2\/pages\/864","targetHints":{"allow":["GET"]}}],"collection":[{"href":"https:\/\/digigo-project.eu\/de\/wp-json\/wp\/v2\/pages"}],"about":[{"href":"https:\/\/digigo-project.eu\/de\/wp-json\/wp\/v2\/types\/page"}],"author":[{"embeddable":true,"href":"https:\/\/digigo-project.eu\/de\/wp-json\/wp\/v2\/users\/1"}],"replies":[{"embeddable":true,"href":"https:\/\/digigo-project.eu\/de\/wp-json\/wp\/v2\/comments?post=864"}],"version-history":[{"count":6,"href":"https:\/\/digigo-project.eu\/de\/wp-json\/wp\/v2\/pages\/864\/revisions"}],"predecessor-version":[{"id":1439,"href":"https:\/\/digigo-project.eu\/de\/wp-json\/wp\/v2\/pages\/864\/revisions\/1439"}],"wp:attachment":[{"href":"https:\/\/digigo-project.eu\/de\/wp-json\/wp\/v2\/media?parent=864"}],"curies":[{"name":"wp","href":"https:\/\/api.w.org\/{rel}","templated":true}]}}