{"id":850,"date":"2022-02-24T14:11:37","date_gmt":"2022-02-24T14:11:37","guid":{"rendered":"https:\/\/digigo-project.eu\/about\/"},"modified":"2022-11-23T11:02:17","modified_gmt":"2022-11-23T11:02:17","slug":"about","status":"publish","type":"page","link":"https:\/\/digigo-project.eu\/fr\/about\/","title":{"rendered":"A propos de"},"content":{"rendered":"<h1>A propos de<\/h1>\n<h2>Vue d&rsquo;ensemble<\/h2>\n<div>\n<p>Le projet DIGI:GO vise \u00e0 aider les \u00e9ducateurs d&rsquo;adultes, les prestataires de services de formation professionnelle, les enseignants et d&rsquo;autres professionnels du domaine social et \u00e9ducatif \u00e0 int\u00e9grer des outils en ligne pour am\u00e9liorer l&rsquo;enseignement et l&rsquo;apprentissage, \u00e0 utiliser les technologies \u00e9ducatives pour dispenser des formations dans un environnement hybride et \u00e0 utiliser les meilleures approches p\u00e9dagogiques qui les pr\u00e9pareront \u00e0 dispenser efficacement des programmes de formation sur mesure \u00e0 leurs groupes cibles.<\/p>\n<\/div>\n<p><img decoding=\"async\" src=\"\/wp-content\/uploads\/2022\/09\/DigiGo_about-11.svg\" alt=\"Overview\"><br \/>\n<img decoding=\"async\" src=\"\/wp-content\/uploads\/2022\/09\/DigiGo_about-12.svg\" alt=\"Aims &#038; Objectives\"><\/p>\n<h2>But et objectifs<\/h2>\n<div>\n<p>Le projet vise \u00e0 am\u00e9liorer l&rsquo;enseignement et l&rsquo;apprentissage des \u00e9ducateurs sur:<\/p>\n<ul>\n<li style=\"font-weight: 400;\" aria-level=\"2\"><span style=\"font-weight: 400;\">Comment utiliser les technologies \u00e9ducatives pour dispenser des formations dans un environnement hybride,<\/span><\/li>\n<li style=\"font-weight: 400;\" aria-level=\"2\"><span style=\"font-weight: 400;\">Comment utiliser les meilleures approches p\u00e9dagogiques qui les pr\u00e9pareront \u00e0 dispenser efficacement des programmes de formation sur mesure avec leurs groupes cibles.<\/span><\/li>\n<\/ul>\n<\/div>\n<h2>Sorties<\/h2>\n<div>\n<p><span style=\"font-weight: 400;\"><strong>Bo\u00eete \u00e0 outils pour le d\u00e9veloppement des comp\u00e9tences num\u00e9riques:<\/strong> une bo\u00eete \u00e0 outils pratique qui visera \u00e0 soutenir le d\u00e9veloppement des comp\u00e9tences num\u00e9riques cl\u00e9s qui sont align\u00e9es sur le cadre de comp\u00e9tences num\u00e9riques pour les citoyens 2.0 (DigComp).<br \/><\/span><\/p>\n<p><strong>Programme de formation en cours d&#8217;emploi:<\/strong> les programmes d&rsquo;\u00e9tudes qui fourniront aux \u00e9ducateurs pour adultes, aux prestataires de services d&rsquo;EFP, aux enseignants et aux autres professionnels du domaine social et \u00e9ducatif une exp\u00e9rience de formation sur mesure sur l&rsquo;innovation dans les technologies \u00e9ducatives et les syst\u00e8mes d&rsquo;apprentissage hybrides.<\/p>\n<p><strong>Plate-forme d&rsquo;apprentissage en ligne:<\/strong> elle h\u00e9bergera les ressources du projet sous forme de petites unit\u00e9s.<\/p>\n<p><strong>Document d&rsquo;orientation:<\/strong> il fournira des recommandations op\u00e9rationnelles et politiques bas\u00e9es sur l&rsquo;analyse des r\u00e9sultats du projet transnational \u00e0 l&rsquo;intention des d\u00e9cideurs et des responsables politiques dans le domaine de l&rsquo;\u00e9ducation des adultes et de l&rsquo;innovation sociale.<\/p>\n<\/div>\n<p><img decoding=\"async\" src=\"\/wp-content\/uploads\/2022\/09\/DigiGo_about-13.svg\" alt=\"Outputs\"><br \/>\n<img decoding=\"async\" src=\"\/wp-content\/uploads\/2022\/09\/DigiGo_about-14.svg\" alt=\"Aims &#038; Objectives\"><\/p>\n<h2>M\u00e9thodologie<\/h2>\n<div>\n<p>Le projet est con\u00e7u selon la m\u00e9thodologie de la recherche-action participative. Cela signifie que nous incluons la dimension d&rsquo;intervention communautaire dans tous nos programmes \u00e9ducatifs, en visant \u00e0 rapprocher la communaut\u00e9 \u00e0 toutes les \u00e9tapes du projet. Cette approche m\u00e9thodologique permet de d\u00e9velopper une intervention hautement coop\u00e9rative, ce qui nous semble \u00eatre la meilleure approche m\u00e9thodologique pour travailler dans des programmes socio-\u00e9ducatifs avec des adultes et des personnes \u00e2g\u00e9es.<\/p>\n<\/div>\n<h2>Partenaires<\/h2>\n<ul>\n<li>\n<p>        <img decoding=\"async\" src=\"\/wp-content\/uploads\/2022\/09\/iserundschmilogo.jpg\" alt=\"\"><\/p>\n<h3>Iserundschmidt GmbH &#8211; Allemagne<\/h3>\n<div>\n<p>Iserundschmidt op\u00e8re dans le domaine de la communication scientifique depuis plus de 20 ans. Nous fournissons des conseils strat\u00e9giques, d\u00e9veloppons des campagnes et des productions ind\u00e9pendantes. L&rsquo;\u00e9ventail de nos clients va des minist\u00e8res f\u00e9d\u00e9raux et des organismes de recherche aux fondations et aux entreprises internationales.<\/p>\n<p><em>Scienox, powerado, planeterde.de, quantum leap, follow me, science on, grand science slam<\/em> &#8211; des titres de productions d&rsquo;iserundschmidt qui fournissent des informations sur des aspects inconnus de la science et de la technologie. L&rsquo;agence, avec ses d\u00e9partements r\u00e9daction, presse, graphisme, \u00e9v\u00e9nementiel, spectacle et num\u00e9rique, est un pionnier des relations publiques scientifiques ouvertes et autocritiques &#8211; et a \u00e9t\u00e9 responsable de la conception et de la mise en \u0153uvre d&rsquo;une campagne de dialogue pour les trois premi\u00e8res \u00ab\u00a0ann\u00e9es scientifiques\u00a0\u00bb en Allemagne (ann\u00e9e de la physique, 2000 \/ ann\u00e9e des sciences de la vie, 2001 \/ ann\u00e9e des g\u00e9osciences, 2002).<\/p>\n<\/div>\n<p><a href=\"https:\/\/www.iserundschmidt.de\/en\/\">Site web<\/a><\/p>\n<\/li>\n<li>\n<p>        <img decoding=\"async\" src=\"\/wp-content\/uploads\/2022\/09\/PM.png\" alt=\"Proportional Message\"><\/p>\n<h3>Message proportionnel &#8211; Association &#8211; Portugal<\/h3>\n<div>\n<p>Proportional Message travaille \u00e0 la planification, \u00e0 la mise en \u0153uvre et \u00e0 l&rsquo;\u00e9valuation de projets mixtes et d&rsquo;initiatives d&rsquo;\u00e9ducation sociale, avec un partenariat solide entre les entreprises locales, les acteurs r\u00e9gionaux et les d\u00e9cideurs politiques. L&rsquo;objectif principal est de contribuer \u00e0 la cr\u00e9ation d&rsquo;environnements \u00e9ducatifs, de pratiques et de recherches o\u00f9 les domaines sociaux, \u00e9motionnels et cognitifs peuvent \u00eatre d\u00e9velopp\u00e9s.<\/p>\n<\/div>\n<p><a href=\"https:\/\/proportionalmessage.eu\/\">Site web<\/a><\/p>\n<\/li>\n<li>\n<p>        <img decoding=\"async\" src=\"\/wp-content\/uploads\/2022\/09\/cropped-cropped-cropped-Square-dot-team_rgb-1.png\" alt=\"thesquare.team\"><\/p>\n<h3>L&rsquo;\u00e9quipe de Square Dot &#8211; Belgique<\/h3>\n<div>\n<p>L&rsquo;\u00e9quipe de Square Dot est sp\u00e9cialis\u00e9e dans les domaines politiques de l&rsquo;inclusion sociale, de la migration, de l&rsquo;entrepreneuriat, de l&rsquo;EFP et du d\u00e9veloppement des comp\u00e9tences. Dans ce contexte, nous visons \u00e0 d\u00e9velopper la recherche et \u00e0 fournir des conseils politiques en vue d&rsquo;enrichir les politiques publiques avec des solutions sur mesure, innovantes et socialement responsables dans les domaines suivants:<\/p>\n<ul>\n<li>Soutien scolaire et conception de programmes d&rsquo;\u00e9tudes<\/li>\n<li>Formations et renforcement des capacit\u00e9s<\/li>\n<li>Recherche politique<\/li>\n<li>Conseils sur les financements europ\u00e9ens<\/li>\n<li>Accompagnement de carri\u00e8re et mentorat d&rsquo;entreprise<\/li>\n<\/ul>\n<\/div>\n<p><a href=\"https:\/\/thesquare.team\/\">Site web<\/a><\/p>\n<\/li>\n<li>\n<p>        <img decoding=\"async\" src=\"\/wp-content\/uploads\/2022\/09\/HIVE-LOGO.png\" alt=\"Innovation Hive\"><\/p>\n<h3>INNOVATION HIVE \u2013 Gr\u00e8ce<\/h3>\n<div>\n<p>La Ruche de l&rsquo;Innovation est une organisation priv\u00e9e \u00e0 but non lucratif, situ\u00e9e \u00e0 Larissa, en Gr\u00e8ce. Sa mission principale est d&rsquo;apporter une innovation ouverte dans diff\u00e9rents domaines d&rsquo;application, en s&rsquo;appuyant sur un large partenariat avec les parties prenantes.<\/p>\n<p>L&rsquo;objectif d&rsquo;Innovation Hive est de trouver des solutions aux nouveaux d\u00e9fis de l&rsquo;innovation, d&rsquo;assurer la croissance et la durabilit\u00e9 et de maximiser l&rsquo;impact sur la soci\u00e9t\u00e9. Pour atteindre cet objectif, la strat\u00e9gie de l&rsquo;organisation consiste \u00e0 mener des recherches et \u00e0 dispenser une formation, ainsi qu&rsquo;\u00e0 promouvoir l&rsquo;innovation en impliquant la soci\u00e9t\u00e9, le monde universitaire, l&rsquo;industrie et le secteur public \u00e0 l&rsquo;aide de m\u00e9thodologies de co-cr\u00e9ation et d&rsquo;une approche en quadruple h\u00e9lice.<\/p>\n<p>L&rsquo;organisation est active dans les domaines de l&rsquo;innovation commerciale et sociale et ses actions visent \u00e0 renforcer la coh\u00e9sion \u00e9conomique et sociale des soci\u00e9t\u00e9s europ\u00e9ennes par le d\u00e9veloppement et la mise en \u0153uvre de m\u00e9thodologies et d&rsquo;outils technologiques ax\u00e9s sur l&rsquo;innovation.<\/p>\n<\/div>\n<p><a href=\"https:\/\/innovationhive.eu\/\">Site web<\/a><\/p>\n<\/li>\n<li>\n<p>        <img decoding=\"async\" src=\"\/wp-content\/uploads\/2022\/09\/LOGO-EXEO-LAB-DEF_2018.png\" alt=\"EXEO-LAB\"><\/p>\n<h3>Exeo Lab Srl \u2013 Italie<\/h3>\n<div>\n<p>Exeo Lab est un jeune cabinet de conseil en entreprise actif dans les domaines du conseil aux administrations publiques et aux PME et dans le domaine de la coop\u00e9ration transnationale.<\/p>\n<p>Gr\u00e2ce \u00e0 une \u00e9quipe hautement sp\u00e9cialis\u00e9e, nous accompagnons les entreprises et les sturtuppers dans l&rsquo;\u00e9laboration et la mise en \u0153uvre de processus de gestion du changement et de d\u00e9veloppement commercial, en les guidant dans un changement de perspective avec une approche hautement cr\u00e9ative, avec des outils hautement technologiques et en proposant des strat\u00e9gies de d\u00e9veloppement personnalis\u00e9es pour faire face aux d\u00e9fis du march\u00e9.<\/p>\n<p>Nous participons \u00e9galement \u00e0 des projets de recherche r\u00e9gionaux, nationaux et transnationaux visant \u00e0 cr\u00e9er des opportunit\u00e9s de d\u00e9veloppement pour les territoires, notamment dans le domaine de l&rsquo;entrepreneuriat, de l&rsquo;inclusion sociale et professionnelle et du d\u00e9veloppement durable.<\/p>\n<\/div>\n<p><a href=\"https:\/\/www.exeolab.it\/\">Site web<\/a><\/p>\n<\/li>\n<li>\n<p>        <img decoding=\"async\" src=\"\/wp-content\/uploads\/2022\/09\/CARDET_logo_highRes-aa0311f4.png\" alt=\"CARDET\"><\/p>\n<h3>CARDET &#8211; Chypre<\/h3>\n<div>\n<p>CARDET (Centre for Advancement of Research and Development in Educational Technology) est une organisation de recherche et de d\u00e9veloppement ind\u00e9pendante, non gouvernementale et \u00e0 but non lucratif, bas\u00e9e \u00e0 Chypre. C&rsquo;est l&rsquo;un des principaux centres de recherche et de d\u00e9veloppement de la r\u00e9gion euro-m\u00e9diterran\u00e9enne, avec une expertise globale dans la conception et la mise en \u0153uvre de projets, le renforcement des capacit\u00e9s et l&rsquo;apprentissage en ligne.<\/p>\n<p>CARDET est affili\u00e9 de mani\u00e8re ind\u00e9pendante \u00e0 des universit\u00e9s et institutions du monde entier, telles que l&rsquo;Universit\u00e9 de Yale, l&rsquo;Universit\u00e9 de Nicosie et le Conseil international des m\u00e9dias \u00e9ducatifs. CARDET a men\u00e9 \u00e0 bien de nombreux projets relatifs au d\u00e9veloppement du renforcement des capacit\u00e9s et de la planification dans l&rsquo;\u00e9ducation et la FEP, au soutien des jeunes, \u00e0 l&rsquo;apprentissage des adultes, \u00e0 l&rsquo;alphab\u00e9tisation, aux outils num\u00e9riques, \u00e0 l&rsquo;e-learning, \u00e0 la technologie \u00e9ducative et \u00e0 l&rsquo;int\u00e9gration sociale des groupes marginalis\u00e9s. L&rsquo;une des principales forces de l&rsquo;organisation est sa capacit\u00e9 \u00e0 planifier, mettre en \u0153uvre, ex\u00e9cuter et \u00e9valuer soigneusement des projets dans divers contextes.<\/p>\n<p>La mission de CARDET est d&rsquo;inspirer la prochaine g\u00e9n\u00e9ration d&rsquo;\u00e9ducation et de promouvoir la recherche, l&rsquo;innovation et le d\u00e9veloppement \u00e0 travers des pratiques bas\u00e9es sur des preuves, une recherche de pointe et des personnes habilit\u00e9es. <\/p>\n<\/div>\n<p><a href=\"https:\/\/cardet.org\/\">Site web<\/a><\/p>\n<\/li>\n<\/ul>\n<p><!--more--><br \/>\n<!-- {\"type\":\"layout\",\"children\":[{\"type\":\"section\",\"props\":{\"style\":\"default\",\"width\":\"default\",\"vertical_align\":\"middle\",\"title_position\":\"top-left\",\"title_rotation\":\"left\",\"title_breakpoint\":\"xl\",\"image_position\":\"center-center\",\"padding_remove_top\":false,\"padding\":\"small\",\"animation\":\"fade\",\"padding_remove_bottom\":false},\"children\":[{\"type\":\"row\",\"children\":[{\"type\":\"column\",\"props\":{\"position_sticky_breakpoint\":\"m\",\"image_position\":\"center-center\",\"media_overlay_gradient\":\"\"},\"children\":[{\"type\":\"headline\",\"props\":{\"title_element\":\"h1\",\"title_style\":\"heading-medium\",\"content\":\"A propos de\",\"title_color\":\"primary\"}}]}]}]},{\"type\":\"section\",\"props\":{\"style\":\"default\",\"width\":\"default\",\"vertical_align\":\"middle\",\"title_position\":\"top-left\",\"title_rotation\":\"left\",\"title_breakpoint\":\"xl\",\"image_position\":\"center-center\",\"animation\":\"fade\"},\"children\":[{\"type\":\"row\",\"props\":{\"layout\":\"3-5,2-5\"},\"children\":[{\"type\":\"column\",\"props\":{\"position_sticky_breakpoint\":\"m\",\"image_position\":\"center-center\",\"media_overlay_gradient\":\"\",\"width_medium\":\"3-5\"},\"children\":[{\"type\":\"headline\",\"props\":{\"title_element\":\"h2\",\"content\":\"Vue d'ensemble\",\"title_style\":\"heading-small\"}},{\"type\":\"text\",\"props\":{\"margin\":\"default\",\"column_breakpoint\":\"m\",\"content\":\"\n\n<p>Le projet DIGI:GO vise \\u00e0 aider les \\u00e9ducateurs d'adultes, les prestataires de services de formation professionnelle, les enseignants et d'autres professionnels du domaine social et \\u00e9ducatif \\u00e0 int\\u00e9grer des outils en ligne pour am\\u00e9liorer l'enseignement et l'apprentissage, \\u00e0 utiliser les technologies \\u00e9ducatives pour dispenser des formations dans un environnement hybride et \\u00e0 utiliser les meilleures approches p\\u00e9dagogiques qui les pr\\u00e9pareront \\u00e0 dispenser efficacement des programmes de formation sur mesure \\u00e0 leurs groupes cibles.<\\\/p>\"}}]},{\"type\":\"column\",\"props\":{\"position_sticky_breakpoint\":\"m\",\"image_position\":\"center-center\",\"media_overlay_gradient\":\"\",\"width_medium\":\"2-5\"},\"children\":[{\"type\":\"image\",\"props\":{\"margin\":\"default\",\"image_svg_color\":\"emphasis\",\"image\":\"wp-content\\\/uploads\\\/2022\\\/09\\\/DigiGo_about-11.svg\",\"image_alt\":\"Overview\",\"maxwidth\":\"medium\",\"block_align\":\"right\",\"block_align_breakpoint\":\"l\",\"block_align_fallback\":\"center\"}}]}]}],\"name\":\"Overview\"},{\"type\":\"section\",\"props\":{\"style\":\"muted\",\"width\":\"default\",\"vertical_align\":\"middle\",\"title_position\":\"top-left\",\"title_rotation\":\"left\",\"title_breakpoint\":\"xl\",\"image_position\":\"center-center\",\"animation\":\"fade\"},\"children\":[{\"type\":\"row\",\"props\":{\"layout\":\"2-5,3-5\"},\"children\":[{\"type\":\"column\",\"props\":{\"position_sticky_breakpoint\":\"m\",\"image_position\":\"center-center\",\"media_overlay_gradient\":\"\",\"width_medium\":\"2-5\",\"order_first\":\"l\"},\"children\":[{\"type\":\"image\",\"props\":{\"margin\":\"default\",\"image_svg_color\":\"emphasis\",\"image\":\"wp-content\\\/uploads\\\/2022\\\/09\\\/DigiGo_about-12.svg\",\"image_alt\":\"Aims & Objectives\",\"maxwidth\":\"medium\",\"maxwidth_breakpoint\":\"s\",\"block_align_breakpoint\":\"m\",\"block_align_fallback\":\"center\"}}]},{\"type\":\"column\",\"props\":{\"position_sticky_breakpoint\":\"m\",\"image_position\":\"center-center\",\"media_overlay_gradient\":\"\",\"width_medium\":\"3-5\",\"order_first\":\"xs\"},\"children\":[{\"type\":\"headline\",\"props\":{\"title_element\":\"h2\",\"content\":\"But et objectifs\",\"title_style\":\"heading-small\"}},{\"type\":\"text\",\"props\":{\"margin\":\"default\",\"column_breakpoint\":\"m\",\"content\":\"\n\n<p>Le projet vise \\u00e0 am\\u00e9liorer l'enseignement et l'apprentissage des \\u00e9ducateurs sur:<\\\/p>\\n\n\n<ul>\\n\n\n<li style=\\\"font-weight: 400;\\\" aria-level=\\\"2\\\"><span style=\\\"font-weight: 400;\\\">Comment utiliser les technologies \\u00e9ducatives pour dispenser des formations dans un environnement hybride,<\\\/span><\\\/li>\\n\n\n<li style=\\\"font-weight: 400;\\\" aria-level=\\\"2\\\"><span style=\\\"font-weight: 400;\\\">Comment utiliser les meilleures approches p\\u00e9dagogiques qui les pr\\u00e9pareront \\u00e0 dispenser efficacement des programmes de formation sur mesure avec leurs groupes cibles.<\\\/span><\\\/li>\\n<\\\/ul>\"}}]}]}],\"name\":\"Aims\"},{\"type\":\"section\",\"props\":{\"style\":\"default\",\"width\":\"default\",\"vertical_align\":\"middle\",\"title_position\":\"top-left\",\"title_rotation\":\"left\",\"title_breakpoint\":\"xl\",\"image_position\":\"center-center\",\"animation\":\"fade\"},\"children\":[{\"type\":\"row\",\"props\":{\"layout\":\"3-5,2-5\"},\"children\":[{\"type\":\"column\",\"props\":{\"position_sticky_breakpoint\":\"m\",\"image_position\":\"center-center\",\"media_overlay_gradient\":\"\",\"width_medium\":\"3-5\"},\"children\":[{\"type\":\"headline\",\"props\":{\"title_element\":\"h2\",\"content\":\"Sorties\",\"title_style\":\"heading-small\"}},{\"type\":\"text\",\"props\":{\"margin\":\"default\",\"column_breakpoint\":\"m\",\"content\":\"\n\n<p><span style=\\\"font-weight: 400;\\\"><strong>Bo\\u00eete \\u00e0 outils pour le d\\u00e9veloppement des comp\\u00e9tences num\\u00e9riques:<\\\/strong> une bo\\u00eete \\u00e0 outils pratique qui visera \\u00e0 soutenir le d\\u00e9veloppement des comp\\u00e9tences num\\u00e9riques cl\\u00e9s qui sont align\\u00e9es sur le cadre de comp\\u00e9tences num\\u00e9riques pour les citoyens 2.0 (DigComp).<br \\\/><\\\/span><\\\/p>\\n\n\n<p><strong>Programme de formation en cours d'emploi:<\\\/strong> les programmes d'\\u00e9tudes qui fourniront aux \\u00e9ducateurs pour adultes, aux prestataires de services d'EFP, aux enseignants et aux autres professionnels du domaine social et \\u00e9ducatif une exp\\u00e9rience de formation sur mesure sur l'innovation dans les technologies \\u00e9ducatives et les syst\\u00e8mes d'apprentissage hybrides.<\\\/p>\\n\n\n<p><strong>Plate-forme d'apprentissage en ligne:<\\\/strong> elle h\\u00e9bergera les ressources du projet sous forme de petites unit\\u00e9s.<\\\/p>\\n\n\n<p><strong>Document d'orientation:<\\\/strong> il fournira des recommandations op\\u00e9rationnelles et politiques bas\\u00e9es sur l'analyse des r\\u00e9sultats du projet transnational \\u00e0 l'intention des d\\u00e9cideurs et des responsables politiques dans le domaine de l'\\u00e9ducation des adultes et de l'innovation sociale.<\\\/p>\"}}]},{\"type\":\"column\",\"props\":{\"position_sticky_breakpoint\":\"m\",\"image_position\":\"center-center\",\"media_overlay_gradient\":\"\",\"width_medium\":\"2-5\"},\"children\":[{\"type\":\"image\",\"props\":{\"margin\":\"default\",\"image_svg_color\":\"emphasis\",\"image\":\"wp-content\\\/uploads\\\/2022\\\/09\\\/DigiGo_about-13.svg\",\"image_alt\":\"Outputs\",\"maxwidth\":\"medium\",\"block_align\":\"right\",\"block_align_breakpoint\":\"l\",\"block_align_fallback\":\"center\"}}]}]}],\"name\":\"Outputs\"},{\"type\":\"section\",\"props\":{\"style\":\"muted\",\"width\":\"default\",\"vertical_align\":\"middle\",\"title_position\":\"top-left\",\"title_rotation\":\"left\",\"title_breakpoint\":\"xl\",\"image_position\":\"center-center\",\"animation\":\"fade\"},\"children\":[{\"type\":\"row\",\"props\":{\"layout\":\"2-5,3-5\"},\"children\":[{\"type\":\"column\",\"props\":{\"position_sticky_breakpoint\":\"m\",\"image_position\":\"center-center\",\"media_overlay_gradient\":\"\",\"width_medium\":\"2-5\",\"order_first\":\"l\"},\"children\":[{\"type\":\"image\",\"props\":{\"margin\":\"default\",\"image_svg_color\":\"emphasis\",\"image\":\"wp-content\\\/uploads\\\/2022\\\/09\\\/DigiGo_about-14.svg\",\"image_alt\":\"Aims & Objectives\",\"maxwidth\":\"medium\",\"maxwidth_breakpoint\":\"s\",\"block_align_breakpoint\":\"m\",\"block_align_fallback\":\"center\"}}]},{\"type\":\"column\",\"props\":{\"position_sticky_breakpoint\":\"m\",\"image_position\":\"center-center\",\"media_overlay_gradient\":\"\",\"width_medium\":\"3-5\",\"order_first\":\"xs\"},\"children\":[{\"type\":\"headline\",\"props\":{\"title_element\":\"h2\",\"content\":\"M\\u00e9thodologie\",\"title_style\":\"heading-small\"}},{\"type\":\"text\",\"props\":{\"margin\":\"default\",\"column_breakpoint\":\"m\",\"content\":\"\n\n<p>Le projet est con\\u00e7u selon la m\\u00e9thodologie de la recherche-action participative. Cela signifie que nous incluons la dimension d'intervention communautaire dans tous nos programmes \\u00e9ducatifs, en visant \\u00e0 rapprocher la communaut\\u00e9 \\u00e0 toutes les \\u00e9tapes du projet. Cette approche m\\u00e9thodologique permet de d\\u00e9velopper une intervention hautement coop\\u00e9rative, ce qui nous semble \\u00eatre la meilleure approche m\\u00e9thodologique pour travailler dans des programmes socio-\\u00e9ducatifs avec des adultes et des personnes \\u00e2g\\u00e9es.<\\\/p>\"}}]}]}],\"name\":\"Methodology\"},{\"type\":\"section\",\"props\":{\"style\":\"default\",\"width\":\"default\",\"vertical_align\":\"middle\",\"title_position\":\"top-left\",\"title_rotation\":\"left\",\"title_breakpoint\":\"xl\",\"image_position\":\"center-center\",\"animation\":\"fade\"},\"children\":[{\"type\":\"row\",\"children\":[{\"type\":\"column\",\"props\":{\"position_sticky_breakpoint\":\"m\",\"image_position\":\"center-center\",\"media_overlay_gradient\":\"\"},\"children\":[{\"type\":\"headline\",\"props\":{\"title_element\":\"h2\",\"content\":\"Partenaires\",\"title_style\":\"heading-small\"}},{\"name\":\"Accordion Image Top\",\"type\":\"accordion\",\"children\":[{\"name\":\"\",\"type\":\"accordion_item\",\"props\":{\"content\":\"\n\n<p>Iserundschmidt op\\u00e8re dans le domaine de la communication scientifique depuis plus de 20 ans. Nous fournissons des conseils strat\\u00e9giques, d\\u00e9veloppons des campagnes et des productions ind\\u00e9pendantes. L'\\u00e9ventail de nos clients va des minist\\u00e8res f\\u00e9d\\u00e9raux et des organismes de recherche aux fondations et aux entreprises internationales.<\\\/p>\\n\n\n<p><br \\\/><em>Scienox, powerado, planeterde.de, quantum leap, follow me, science on, grand science slam<\\\/em> - des titres de productions d'iserundschmidt qui fournissent des informations sur des aspects inconnus de la science et de la technologie. L'agence, avec ses d\\u00e9partements r\\u00e9daction, presse, graphisme, \\u00e9v\\u00e9nementiel, spectacle et num\\u00e9rique, est un pionnier des relations publiques scientifiques ouvertes et autocritiques - et a \\u00e9t\\u00e9 responsable de la conception et de la mise en \\u0153uvre d'une campagne de dialogue pour les trois premi\\u00e8res \\\"ann\\u00e9es scientifiques\\\" en Allemagne (ann\\u00e9e de la physique, 2000 \\\/ ann\\u00e9e des sciences de la vie, 2001 \\\/ ann\\u00e9e des g\\u00e9osciences, 2002).<\\\/p>\",\"title\":\"Iserundschmidt GmbH - Allemagne\",\"link\":\"https:\\\/\\\/www.iserundschmidt.de\\\/en\\\/\",\"image\":\"wp-content\\\/uploads\\\/2022\\\/09\\\/iserundschmilogo.jpg\"}},{\"name\":\"\",\"type\":\"accordion_item\",\"props\":{\"content\":\"\n\n<p>Proportional Message travaille \\u00e0 la planification, \\u00e0 la mise en \\u0153uvre et \\u00e0 l'\\u00e9valuation de projets mixtes et d'initiatives d'\\u00e9ducation sociale, avec un partenariat solide entre les entreprises locales, les acteurs r\\u00e9gionaux et les d\\u00e9cideurs politiques. L'objectif principal est de contribuer \\u00e0 la cr\\u00e9ation d'environnements \\u00e9ducatifs, de pratiques et de recherches o\\u00f9 les domaines sociaux, \\u00e9motionnels et cognitifs peuvent \\u00eatre d\\u00e9velopp\\u00e9s.<\\\/p>\",\"title\":\"Message proportionnel - Association - Portugal\",\"link\":\"https:\\\/\\\/proportionalmessage.eu\\\/\",\"image\":\"wp-content\\\/uploads\\\/2022\\\/09\\\/PM.png\",\"image_alt\":\"Proportional Message\"}},{\"name\":\"\",\"type\":\"accordion_item\",\"props\":{\"content\":\"\n\n<p>L'\\u00e9quipe de Square Dot est sp\\u00e9cialis\\u00e9e dans les domaines politiques de l'inclusion sociale, de la migration, de l'entrepreneuriat, de l'EFP et du d\\u00e9veloppement des comp\\u00e9tences. Dans ce contexte, nous visons \\u00e0 d\\u00e9velopper la recherche et \\u00e0 fournir des conseils politiques en vue d'enrichir les politiques publiques avec des solutions sur mesure, innovantes et socialement responsables dans les domaines suivants:<\\\/p>\\n\n\n<ul>\\n\n\n<li>Soutien scolaire et conception de programmes d'\\u00e9tudes<\\\/li>\\n\n\n<li>Formations et renforcement des capacit\\u00e9s<\\\/li>\\n\n\n<li>Recherche politique<\\\/li>\\n\n\n<li>Conseils sur les financements europ\\u00e9ens<\\\/li>\\n\n\n<li>Accompagnement de carri\\u00e8re et mentorat d'entreprise<\\\/li>\\n<\\\/ul>\",\"title\":\"L'\\u00e9quipe de Square Dot - Belgique\",\"link\":\"https:\\\/\\\/thesquare.team\\\/\",\"image\":\"wp-content\\\/uploads\\\/2022\\\/09\\\/cropped-cropped-cropped-Square-dot-team_rgb-1.png\",\"image_alt\":\"thesquare.team\"}},{\"name\":\"\",\"type\":\"accordion_item\",\"props\":{\"content\":\"\n\n<p>La Ruche de l'Innovation est une organisation priv\\u00e9e \\u00e0 but non lucratif, situ\\u00e9e \\u00e0 Larissa, en Gr\\u00e8ce. Sa mission principale est d'apporter une innovation ouverte dans diff\\u00e9rents domaines d'application, en s'appuyant sur un large partenariat avec les parties prenantes.<\\\/p>\\n\n\n<p>L'objectif d'Innovation Hive est de trouver des solutions aux nouveaux d\\u00e9fis de l'innovation, d'assurer la croissance et la durabilit\\u00e9 et de maximiser l'impact sur la soci\\u00e9t\\u00e9. Pour atteindre cet objectif, la strat\\u00e9gie de l'organisation consiste \\u00e0 mener des recherches et \\u00e0 dispenser une formation, ainsi qu'\\u00e0 promouvoir l'innovation en impliquant la soci\\u00e9t\\u00e9, le monde universitaire, l'industrie et le secteur public \\u00e0 l'aide de m\\u00e9thodologies de co-cr\\u00e9ation et d'une approche en quadruple h\\u00e9lice.<\\\/p>\\n\n\n<p>L'organisation est active dans les domaines de l'innovation commerciale et sociale et ses actions visent \\u00e0 renforcer la coh\\u00e9sion \\u00e9conomique et sociale des soci\\u00e9t\\u00e9s europ\\u00e9ennes par le d\\u00e9veloppement et la mise en \\u0153uvre de m\\u00e9thodologies et d'outils technologiques ax\\u00e9s sur l'innovation.<\\\/p>\",\"title\":\"INNOVATION HIVE \\u2013 Gr\\u00e8ce\",\"link\":\"https:\\\/\\\/innovationhive.eu\\\/\",\"image\":\"wp-content\\\/uploads\\\/2022\\\/09\\\/HIVE-LOGO.png\",\"link_text\":\"\",\"image_alt\":\"Innovation Hive\"}},{\"type\":\"accordion_item\",\"props\":{\"title\":\"Exeo Lab Srl \\u2013 Italie\",\"content\":\"\n\n<p>Exeo Lab est un jeune cabinet de conseil en entreprise actif dans les domaines du conseil aux administrations publiques et aux PME et dans le domaine de la coop\\u00e9ration transnationale.<\\\/p>\\n\n\n<p>Gr\\u00e2ce \\u00e0 une \\u00e9quipe hautement sp\\u00e9cialis\\u00e9e, nous accompagnons les entreprises et les sturtuppers dans l'\\u00e9laboration et la mise en \\u0153uvre de processus de gestion du changement et de d\\u00e9veloppement commercial, en les guidant dans un changement de perspective avec une approche hautement cr\\u00e9ative, avec des outils hautement technologiques et en proposant des strat\\u00e9gies de d\\u00e9veloppement personnalis\\u00e9es pour faire face aux d\\u00e9fis du march\\u00e9.<\\\/p>\\n\n\n<p>Nous participons \\u00e9galement \\u00e0 des projets de recherche r\\u00e9gionaux, nationaux et transnationaux visant \\u00e0 cr\\u00e9er des opportunit\\u00e9s de d\\u00e9veloppement pour les territoires, notamment dans le domaine de l'entrepreneuriat, de l'inclusion sociale et professionnelle et du d\\u00e9veloppement durable.<\\\/p>\",\"image\":\"wp-content\\\/uploads\\\/2022\\\/09\\\/LOGO-EXEO-LAB-DEF_2018.png\",\"image_alt\":\"EXEO-LAB\",\"link\":\"https:\\\/\\\/www.exeolab.it\\\/\"}},{\"name\":\"\",\"type\":\"accordion_item\",\"props\":{\"content\":\"\n\n<p>CARDET (Centre for Advancement of Research and Development in Educational Technology) est une organisation de recherche et de d\\u00e9veloppement ind\\u00e9pendante, non gouvernementale et \\u00e0 but non lucratif, bas\\u00e9e \\u00e0 Chypre. C'est l'un des principaux centres de recherche et de d\\u00e9veloppement de la r\\u00e9gion euro-m\\u00e9diterran\\u00e9enne, avec une expertise globale dans la conception et la mise en \\u0153uvre de projets, le renforcement des capacit\\u00e9s et l'apprentissage en ligne.<\\\/p>\\n\n\n<p>CARDET est affili\\u00e9 de mani\\u00e8re ind\\u00e9pendante \\u00e0 des universit\\u00e9s et institutions du monde entier, telles que l'Universit\\u00e9 de Yale, l'Universit\\u00e9 de Nicosie et le Conseil international des m\\u00e9dias \\u00e9ducatifs. CARDET a men\\u00e9 \\u00e0 bien de nombreux projets relatifs au d\\u00e9veloppement du renforcement des capacit\\u00e9s et de la planification dans l'\\u00e9ducation et la FEP, au soutien des jeunes, \\u00e0 l'apprentissage des adultes, \\u00e0 l'alphab\\u00e9tisation, aux outils num\\u00e9riques, \\u00e0 l'e-learning, \\u00e0 la technologie \\u00e9ducative et \\u00e0 l'int\\u00e9gration sociale des groupes marginalis\\u00e9s. L'une des principales forces de l'organisation est sa capacit\\u00e9 \\u00e0 planifier, mettre en \\u0153uvre, ex\\u00e9cuter et \\u00e9valuer soigneusement des projets dans divers contextes.<\\\/p>\\n\n\n<p>La mission de CARDET est d'inspirer la prochaine g\\u00e9n\\u00e9ration d'\\u00e9ducation et de promouvoir la recherche, l'innovation et le d\\u00e9veloppement \\u00e0 travers des pratiques bas\\u00e9es sur des preuves, une recherche de pointe et des personnes habilit\\u00e9es. <\\\/p>\",\"title\":\"CARDET - Chypre\",\"link\":\"https:\\\/\\\/cardet.org\\\/\",\"image\":\"wp-content\\\/uploads\\\/2022\\\/09\\\/CARDET_logo_highRes-aa0311f4.png\",\"link_text\":\"\",\"image_alt\":\"CARDET\"}}],\"props\":{\"multiple\":false,\"collapsible\":true,\"show_image\":true,\"show_link\":true,\"title_element\":\"h3\",\"image_align\":\"left\",\"image_grid_width\":\"1-4\",\"link_text\":\"[website_text]\",\"link_style\":\"secondary\",\"image_svg_color\":\"emphasis\",\"image_grid_breakpoint\":\"m\",\"content_column_breakpoint\":\"m\",\"content_dropcap\":false,\"content_column\":\"\",\"id\":\"accordion-image-top\",\"text_align\":\"center\",\"class\":\"partners-accordion\",\"link_target\":true,\"image_width\":\"150\"}}]}]}]}],\"version\":\"2.7.22\"} --><\/p>\n","protected":false},"excerpt":{"rendered":"<p>A propos de Vue d&rsquo;ensemble Le projet DIGI:GO vise \u00e0 aider les \u00e9ducateurs d&rsquo;adultes, les prestataires de services de formation professionnelle, les enseignants et d&rsquo;autres..<\/p>\n","protected":false},"author":1,"featured_media":0,"parent":0,"menu_order":0,"comment_status":"closed","ping_status":"closed","template":"","meta":{"_acf_changed":false,"inline_featured_image":false,"footnotes":""},"class_list":["post-850","page","type-page","status-publish","hentry"],"acf":[],"_links":{"self":[{"href":"https:\/\/digigo-project.eu\/fr\/wp-json\/wp\/v2\/pages\/850","targetHints":{"allow":["GET"]}}],"collection":[{"href":"https:\/\/digigo-project.eu\/fr\/wp-json\/wp\/v2\/pages"}],"about":[{"href":"https:\/\/digigo-project.eu\/fr\/wp-json\/wp\/v2\/types\/page"}],"author":[{"embeddable":true,"href":"https:\/\/digigo-project.eu\/fr\/wp-json\/wp\/v2\/users\/1"}],"replies":[{"embeddable":true,"href":"https:\/\/digigo-project.eu\/fr\/wp-json\/wp\/v2\/comments?post=850"}],"version-history":[{"count":7,"href":"https:\/\/digigo-project.eu\/fr\/wp-json\/wp\/v2\/pages\/850\/revisions"}],"predecessor-version":[{"id":940,"href":"https:\/\/digigo-project.eu\/fr\/wp-json\/wp\/v2\/pages\/850\/revisions\/940"}],"wp:attachment":[{"href":"https:\/\/digigo-project.eu\/fr\/wp-json\/wp\/v2\/media?parent=850"}],"curies":[{"name":"wp","href":"https:\/\/api.w.org\/{rel}","templated":true}]}}