{"id":853,"date":"2022-02-24T14:11:37","date_gmt":"2022-02-24T14:11:37","guid":{"rendered":"https:\/\/digigo-project.eu\/about\/"},"modified":"2022-11-23T14:46:47","modified_gmt":"2022-11-23T14:46:47","slug":"about","status":"publish","type":"page","link":"https:\/\/digigo-project.eu\/pt-pt\/about\/","title":{"rendered":"Sobre"},"content":{"rendered":"<h1>Sobre<\/h1>\n<h2>Vis\u00e3o geral<\/h2>\n<div>\n<p>O projeto DIGI:GO tem como objetivo apoiar educadores adultos, profissionais de EFP, professores e outros profissionais do campo social e educativo na incorpora\u00e7\u00e3o de ferramentas online para melhorar o ensino e a aprendizagem; como utilizar tecnologias educacionais para ministrar forma\u00e7\u00e3o num ambiente h\u00edbrido, e como utilizar as melhores abordagens pedag\u00f3gicas que os preparem para ministrar eficazmente programas de forma\u00e7\u00e3o \u00e0 medida com os seus grupos-alvo.<\/p>\n<\/div>\n<p><img decoding=\"async\" src=\"\/wp-content\/uploads\/2022\/09\/DigiGo_about-11.svg\" alt=\"Overview\"><br \/>\n<img decoding=\"async\" src=\"\/wp-content\/uploads\/2022\/09\/DigiGo_about-12.svg\" alt=\"Aims &#038; Objectives\"><\/p>\n<h2>Objetivos<\/h2>\n<div>\n<p><span style=\"font-weight: 400;\">O projeto visa melhorar o ensino e a aprendizagem dos educadores:<\/span><\/p>\n<ul>\n<li style=\"font-weight: 400;\" aria-level=\"2\">Como utilizar tecnologias educativas para ministrar forma\u00e7\u00e3o num ambiente h\u00edbrido,<\/li>\n<li style=\"font-weight: 400;\" aria-level=\"2\">Como utilizar as melhores abordagens pedag\u00f3gicas que os preparem para ministrar com efic\u00e1cia programas de forma\u00e7\u00e3o \u00e0 medida dos seus grupos-alvo.<\/li>\n<\/ul>\n<\/div>\n<h2>Resultados<\/h2>\n<div>\n<p><span style=\"font-weight: 400;\"><strong>Kit de ferramentas para compet\u00eancias de desenvolvimento digital:<\/strong> um conjunto de ferramentas pr\u00e1ticas que pretende apoiar o desenvolvimento de compet\u00eancias digitais chave que est\u00e3o alinhadas com o Quadro de Compet\u00eancias Digitais para os Cidad\u00e3os 2.0 (DigComp).<\/span><\/p>\n<p><span style=\"font-weight: 400;\"><strong>Programa de Forma\u00e7\u00e3o em Servi\u00e7o:<\/strong> Um curr\u00edculo que pretende proporcionar aos educadores adultos, formadores, professores e outros profissionais do campo social e educativo uma experi\u00eancia de forma\u00e7\u00e3o personalizada sobre inova\u00e7\u00e3o em tecnologias educativas e sistemas h\u00edbridos de aprendizagem.<\/span><\/p>\n<p><span style=\"font-weight: 400;\"><strong>Plataforma de E-Learning:<\/strong> vai reunir os recursos do projeto em unidades de f\u00e1cil aprendizagem.<\/span><\/p>\n<p><span style=\"font-weight: 400;\"><strong>Papel com orienta\u00e7\u00f5es:<\/strong> vai fornecer recomenda\u00e7\u00f5es operacionais e pol\u00edticas baseadas na an\u00e1lise dos resultados do projeto transnacional para as decis\u00f5es e decisores pol\u00edticos no campo da educa\u00e7\u00e3o de adultos e da inova\u00e7\u00e3o social.<\/span><\/p>\n<\/div>\n<p><img decoding=\"async\" src=\"\/wp-content\/uploads\/2022\/09\/DigiGo_about-13.svg\" alt=\"Outputs\"><br \/>\n<img decoding=\"async\" src=\"\/wp-content\/uploads\/2022\/09\/DigiGo_about-14.svg\" alt=\"Aims &#038; Objectives\"><\/p>\n<h2>Metodologia<\/h2>\n<div>\n<p>O projeto \u00e9 concebido atrav\u00e9s da metodologia da investiga\u00e7\u00e3o participativa de ac\u00e7\u00e3o. Isto significa que inclu\u00edmos a dimens\u00e3o de interven\u00e7\u00e3o comunit\u00e1ria em todos os nossos programas educacionais, com o objectivo de aproximar a comunidade em todas as fases do projeto. Esta abordagem metodol\u00f3gica permite o desenvolvimento de uma interven\u00e7\u00e3o altamente cooperativa, que acreditamos ser a melhor abordagem metodol\u00f3gica para trabalhar em programas s\u00f3cio-educativos com adultos e idosos.<\/p>\n<\/div>\n<h2>Parceiros<\/h2>\n<ul>\n<li>\n<p>        <img decoding=\"async\" src=\"\/wp-content\/uploads\/2022\/09\/iserundschmilogo.jpg\" alt=\"\"><\/p>\n<h3>Iserundschmidt GmbH \u2013 Alemanha<\/h3>\n<div>\n<p>Iserundschmidt tem vindo a operar no campo da comunica\u00e7\u00e3o cient\u00edfica h\u00e1 mais de 20 anos. Fornecem consultoria estrat\u00e9gica, desenvolvem campanhas e produ\u00e7\u00f5es independentes. O espectro de clientes abrange desde minist\u00e9rios federais e organiza\u00e7\u00f5es de investiga\u00e7\u00e3o a funda\u00e7\u00f5es e empresas internacionais.<\/p>\n<p><em>Scienox, powerado, planeterde.de, quantum leap, follow me, science on, grand science slam<\/em> &#8211; t\u00edtulos de produ\u00e7\u00f5es de iserundschmidt que fornecem insights sobre aspetos desconhecidos da ci\u00eancia e da tecnologia. A ag\u00eancia com os seus departamentos de edi\u00e7\u00e3o, trabalho de imprensa, gr\u00e1ficos, eventos, show e digital \u00e9 pioneira em rela\u00e7\u00f5es p\u00fablicas de ci\u00eancia aberta e autocr\u00edtica &#8211; e foi respons\u00e1vel pela conce\u00e7\u00e3o e implementa\u00e7\u00e3o de uma campanha de di\u00e1logo para os primeiros tr\u00eas &#8220;anos da ci\u00eancia&#8221; na Alemanha (ano da f\u00edsica, 2000 \/ ano das ci\u00eancias da vida, 2001 \/ ano das geoci\u00eancias, 2002).<\/p>\n<\/div>\n<p><a href=\"https:\/\/www.iserundschmidt.de\/en\/\">Site<\/a><\/p>\n<\/li>\n<li>\n<p>        <img decoding=\"async\" src=\"\/wp-content\/uploads\/2022\/09\/PM.png\" alt=\"Proportional Message\"><\/p>\n<h3>Proportional Message \u2013 Associa\u00e7\u00e3o \u2013 Portugal<\/h3>\n<div>\n<p>Proportional Message trabalha no planeamento, implementa\u00e7\u00e3o e avalia\u00e7\u00e3o de projetos coeducativos, e iniciativas de educa\u00e7\u00e3o social, com uma forte parceria entre as empresas locais, as partes interessadas regionais, e os decisores pol\u00edticos. O principal objetivo \u00e9 contribuir para a cria\u00e7\u00e3o de ambientes educativos, pr\u00e1ticas e investiga\u00e7\u00e3o onde as \u00e1reas social, emocional, e cognitiva possam ser desenvolvidas.<\/p>\n<\/div>\n<p><a href=\"https:\/\/proportionalmessage.eu\/\">Site<\/a><\/p>\n<\/li>\n<li>\n<p>        <img decoding=\"async\" src=\"\/wp-content\/uploads\/2022\/09\/cropped-cropped-cropped-Square-dot-team_rgb-1.png\" alt=\"thesquare.team\"><\/p>\n<h3>The Square Dot team \u2013 B\u00e9lgica<\/h3>\n<div>\n<p>A equipa da Square Dot \u00e9 especializada nos dom\u00ednios pol\u00edticos da inclus\u00e3o social, migra\u00e7\u00e3o, empreendedorismo, ensino e forma\u00e7\u00e3o profissional e desenvolvimento de compet\u00eancias. Neste contexto, o objetivo \u00e9 desenvolver a investiga\u00e7\u00e3o e fornecer aconselhamento pol\u00edtico com vista a enriquecer as pol\u00edticas p\u00fablicas com solu\u00e7\u00f5es \u00e0 medida, inovadoras e socialmente respons\u00e1veis nas seguintes \u00e1reas:<\/p>\n<ul>\n<li>Apoio escolar e conce\u00e7\u00e3o curricular<\/li>\n<li>Forma\u00e7\u00f5es e desenvolvimento de capacidades<\/li>\n<li>Pesquisa de pol\u00edticas<\/li>\n<li>Aconselhamento sobre financiamento da UE<\/li>\n<li>Coaching de carreira e mentoria <\/li>\n<\/ul>\n<\/div>\n<p><a href=\"https:\/\/thesquare.team\/\">Site<\/a><\/p>\n<\/li>\n<li>\n<p>        <img decoding=\"async\" src=\"\/wp-content\/uploads\/2022\/09\/HIVE-LOGO.png\" alt=\"Innovation Hive\"><\/p>\n<h3>INNOVATION HIVE \u2013 Gr\u00e9cia<\/h3>\n<div>\n<p><span style=\"font-weight: 400;\">A Innovatio Hive \u00e9 uma organiza\u00e7\u00e3o privada sem fins lucrativos, localizada em Larissa, Gr\u00e9cia. A sua principal miss\u00e3o \u00e9 trazer inova\u00e7\u00e3o em diferentes \u00e1reas das aplica\u00e7\u00f5es, com base na grande parceria das partes interessadas.\u00a0<\/span><\/p>\n<p><span style=\"font-weight: 400;\">O objetivo da Innovation Hive \u00e9 encontrar solu\u00e7\u00f5es para os novos desafios da inova\u00e7\u00e3o, para alcan\u00e7ar o crescimento, sustentabilidade e maximizar o impacto para a sociedade. Para alcan\u00e7ar este objetivo, a estrat\u00e9gia da organiza\u00e7\u00e3o \u00e9 conduzir investiga\u00e7\u00e3o e educa\u00e7\u00e3o, bem como promover a inova\u00e7\u00e3o atrav\u00e9s do envolvimento da sociedade, academia, ind\u00fastria e sector p\u00fablico com o uso de metodologias de co-cria\u00e7\u00e3o e uma abordagem de h\u00e9lice qu\u00e1drupla.<\/span><\/p>\n<p>A organiza\u00e7\u00e3o \u00e9 ativa nos dom\u00ednios da inova\u00e7\u00e3o empresarial e social e as suas a\u00e7\u00f5es visam refor\u00e7ar a coes\u00e3o econ\u00f3mica e social das sociedades europeias atrav\u00e9s do desenvolvimento e implementa\u00e7\u00e3o de metodologias e instrumentos tecnol\u00f3gicos orientados para a inova\u00e7\u00e3o.<\/p>\n<\/div>\n<p><a href=\"https:\/\/innovationhive.eu\/\">Site<\/a><\/p>\n<\/li>\n<li>\n<p>        <img decoding=\"async\" src=\"\/wp-content\/uploads\/2022\/09\/LOGO-EXEO-LAB-DEF_2018.png\" alt=\"EXEO-LAB\"><\/p>\n<h3>Exeo Lab Srl \u2013 It\u00e1lia<\/h3>\n<div>\n<p>Exeo Lab \u00e9 uma jovem empresa de Consultoria Empresarial ativa nas \u00e1reas da Administra\u00e7\u00e3o P\u00fablica e consultoria para PMEs e no campo da coopera\u00e7\u00e3o transnacional.<\/p>\n<p>Gra\u00e7as a uma equipa altamente especializada, apoiam empresas e startuppers no desenvolvimento e implementa\u00e7\u00e3o de processos de gest\u00e3o da mudan\u00e7a e desenvolvimento empresarial, orientando-os numa mudan\u00e7a de perspetiva com uma abordagem altamente criativa, com ferramentas altamente tecnol\u00f3gicas e propondo estrat\u00e9gias de desenvolvimento personalizadas para enfrentar os desafios do mercado.<\/p>\n<p>Tamb\u00e9m participamos em projetos de investiga\u00e7\u00e3o regionais, nacionais e transnacionais destinados a criar oportunidades de desenvolvimento para territ\u00f3rios, especialmente no campo do empreendedorismo, da inclus\u00e3o social e laboral e do desenvolvimento sustent\u00e1vel. <\/p>\n<\/div>\n<p><a href=\"https:\/\/www.exeolab.it\/\">Site<\/a><\/p>\n<\/li>\n<li>\n<p>        <img decoding=\"async\" src=\"\/wp-content\/uploads\/2022\/09\/CARDET_logo_highRes-aa0311f4.png\" alt=\"CARDET\"><\/p>\n<h3>CARDET &#8211; Chipre<\/h3>\n<div>\n<p><span style=\"font-weight: 400;\">CARDET (Centre for Advancement of Research and Development in Educational Technology) \u00e9 uma organiza\u00e7\u00e3o independente, sem fins lucrativos, n\u00e3o governamental, de investiga\u00e7\u00e3o e desenvolvimento sediada no Chipre. \u00c9 um dos principais centros de investiga\u00e7\u00e3o e desenvolvimento na regi\u00e3o euro-mediterr\u00e2nica, com experi\u00eancia global na conce\u00e7\u00e3o e implementa\u00e7\u00e3o de projetos, refor\u00e7o de capacidades, e e-learning.<\/span><\/p>\n<p><span style=\"font-weight: 400;\">CARDET \u00e9 afiliada de forma independente com universidades e institui\u00e7\u00f5es de todo o mundo, tais como a Universidade de Yale, a Universidade de Nic\u00f3sia, e o Conselho Internacional dos Meios de Comunica\u00e7\u00e3o Educativos. CARDET concluiu numerosos projetos relacionados com o desenvolvimento de capacita\u00e7\u00e3o e planeamento em educa\u00e7\u00e3o e EFP, apoio \u00e0 juventude, educa\u00e7\u00e3o de adultos, literacia, ferramentas digitais, e-learning, tecnologia educacional, e integra\u00e7\u00e3o social de grupos marginalizados. Uma das principais caracter\u00edsticas da organiza\u00e7\u00e3o \u00e9 a capacidade de planear, implementar, executar e avaliar cuidadosamente projetos em v\u00e1rios contextos.<\/span><\/p>\n<p><span style=\"font-weight: 400;\">A miss\u00e3o da CARDET \u00e9 inspirar a educa\u00e7\u00e3o da pr\u00f3xima gera\u00e7\u00e3o, e promover a investiga\u00e7\u00e3o, inova\u00e7\u00e3o e desenvolvimento atrav\u00e9s de pr\u00e1ticas baseadas em provas, investiga\u00e7\u00e3o de ponta, e pessoas com poder.<\/span><\/p>\n<\/div>\n<p><a href=\"https:\/\/cardet.org\/\">Site<\/a><\/p>\n<\/li>\n<\/ul>\n<p><!--more--><br \/>\n<!-- {\"type\":\"layout\",\"children\":[{\"type\":\"section\",\"props\":{\"style\":\"default\",\"width\":\"default\",\"vertical_align\":\"middle\",\"title_position\":\"top-left\",\"title_rotation\":\"left\",\"title_breakpoint\":\"xl\",\"image_position\":\"center-center\",\"padding_remove_top\":false,\"padding\":\"small\",\"animation\":\"fade\"},\"children\":[{\"type\":\"row\",\"children\":[{\"type\":\"column\",\"props\":{\"position_sticky_breakpoint\":\"m\",\"image_position\":\"center-center\",\"media_overlay_gradient\":\"\"},\"children\":[{\"type\":\"headline\",\"props\":{\"title_element\":\"h1\",\"title_style\":\"heading-medium\",\"content\":\"Sobre\",\"title_color\":\"primary\"}}]}]}]},{\"type\":\"section\",\"props\":{\"style\":\"default\",\"width\":\"default\",\"vertical_align\":\"middle\",\"title_position\":\"top-left\",\"title_rotation\":\"left\",\"title_breakpoint\":\"xl\",\"image_position\":\"center-center\",\"animation\":\"fade\"},\"children\":[{\"type\":\"row\",\"props\":{\"layout\":\"3-5,2-5\"},\"children\":[{\"type\":\"column\",\"props\":{\"position_sticky_breakpoint\":\"m\",\"image_position\":\"center-center\",\"media_overlay_gradient\":\"\",\"width_medium\":\"3-5\"},\"children\":[{\"type\":\"headline\",\"props\":{\"title_element\":\"h2\",\"content\":\"Vis\\u00e3o geral\",\"title_style\":\"heading-small\"}},{\"type\":\"text\",\"props\":{\"margin\":\"default\",\"column_breakpoint\":\"m\",\"content\":\"\n\n<p>O projeto DIGI:GO tem como objetivo apoiar educadores adultos, profissionais de EFP, professores e outros profissionais do campo social e educativo na incorpora\\u00e7\\u00e3o de ferramentas online para melhorar o ensino e a aprendizagem; como utilizar tecnologias educacionais para ministrar forma\\u00e7\\u00e3o num ambiente h\\u00edbrido, e como utilizar as melhores abordagens pedag\\u00f3gicas que os preparem para ministrar eficazmente programas de forma\\u00e7\\u00e3o \\u00e0 medida com os seus grupos-alvo.<\\\/p>\"}}]},{\"type\":\"column\",\"props\":{\"position_sticky_breakpoint\":\"m\",\"image_position\":\"center-center\",\"media_overlay_gradient\":\"\",\"width_medium\":\"2-5\"},\"children\":[{\"type\":\"image\",\"props\":{\"margin\":\"default\",\"image_svg_color\":\"emphasis\",\"image\":\"wp-content\\\/uploads\\\/2022\\\/09\\\/DigiGo_about-11.svg\",\"image_alt\":\"Overview\",\"maxwidth\":\"medium\",\"block_align\":\"right\",\"block_align_breakpoint\":\"l\",\"block_align_fallback\":\"center\"}}]}]}],\"name\":\"Overview\"},{\"type\":\"section\",\"props\":{\"style\":\"muted\",\"width\":\"default\",\"vertical_align\":\"middle\",\"title_position\":\"top-left\",\"title_rotation\":\"left\",\"title_breakpoint\":\"xl\",\"image_position\":\"center-center\",\"animation\":\"fade\"},\"children\":[{\"type\":\"row\",\"props\":{\"layout\":\"2-5,3-5\"},\"children\":[{\"type\":\"column\",\"props\":{\"position_sticky_breakpoint\":\"m\",\"image_position\":\"center-center\",\"media_overlay_gradient\":\"\",\"width_medium\":\"2-5\",\"order_first\":\"l\"},\"children\":[{\"type\":\"image\",\"props\":{\"margin\":\"default\",\"image_svg_color\":\"emphasis\",\"image\":\"wp-content\\\/uploads\\\/2022\\\/09\\\/DigiGo_about-12.svg\",\"image_alt\":\"Aims & Objectives\",\"maxwidth\":\"medium\",\"maxwidth_breakpoint\":\"s\",\"block_align_breakpoint\":\"m\",\"block_align_fallback\":\"center\"}}]},{\"type\":\"column\",\"props\":{\"position_sticky_breakpoint\":\"m\",\"image_position\":\"center-center\",\"media_overlay_gradient\":\"\",\"width_medium\":\"3-5\",\"order_first\":\"xs\"},\"children\":[{\"type\":\"headline\",\"props\":{\"title_element\":\"h2\",\"content\":\"Objetivos\",\"title_style\":\"heading-small\"}},{\"type\":\"text\",\"props\":{\"margin\":\"default\",\"column_breakpoint\":\"m\",\"content\":\"\n\n<p><span style=\\\"font-weight: 400;\\\">O projeto visa melhorar o ensino e a aprendizagem dos educadores:<\\\/span><\\\/p>\\n\n\n<ul>\\n\n\n<li style=\\\"font-weight: 400;\\\" aria-level=\\\"2\\\">Como utilizar tecnologias educativas para ministrar forma\\u00e7\\u00e3o num ambiente h\\u00edbrido,<\\\/li>\\n\n\n<li style=\\\"font-weight: 400;\\\" aria-level=\\\"2\\\">Como utilizar as melhores abordagens pedag\\u00f3gicas que os preparem para ministrar com efic\\u00e1cia programas de forma\\u00e7\\u00e3o \\u00e0 medida dos seus grupos-alvo.<\\\/li>\\n<\\\/ul>\"}}]}]}],\"name\":\"Aims\"},{\"type\":\"section\",\"props\":{\"style\":\"default\",\"width\":\"default\",\"vertical_align\":\"middle\",\"title_position\":\"top-left\",\"title_rotation\":\"left\",\"title_breakpoint\":\"xl\",\"image_position\":\"center-center\",\"animation\":\"fade\"},\"children\":[{\"type\":\"row\",\"props\":{\"layout\":\"3-5,2-5\"},\"children\":[{\"type\":\"column\",\"props\":{\"position_sticky_breakpoint\":\"m\",\"image_position\":\"center-center\",\"media_overlay_gradient\":\"\",\"width_medium\":\"3-5\"},\"children\":[{\"type\":\"headline\",\"props\":{\"title_element\":\"h2\",\"content\":\"Resultados\",\"title_style\":\"heading-small\"}},{\"type\":\"text\",\"props\":{\"margin\":\"default\",\"column_breakpoint\":\"m\",\"content\":\"\n\n<p><span style=\\\"font-weight: 400;\\\"><strong>Kit de ferramentas para compet\\u00eancias de desenvolvimento digital:<\\\/strong> um conjunto de ferramentas pr\\u00e1ticas que pretende apoiar o desenvolvimento de compet\\u00eancias digitais chave que est\\u00e3o alinhadas com o Quadro de Compet\\u00eancias Digitais para os Cidad\\u00e3os 2.0 (DigComp).<\\\/span><\\\/p>\\n\n\n<p><span style=\\\"font-weight: 400;\\\"><strong>Programa de Forma\\u00e7\\u00e3o em Servi\\u00e7o:<\\\/strong> Um curr\\u00edculo que pretende proporcionar aos educadores adultos, formadores, professores e outros profissionais do campo social e educativo uma experi\\u00eancia de forma\\u00e7\\u00e3o personalizada sobre inova\\u00e7\\u00e3o em tecnologias educativas e sistemas h\\u00edbridos de aprendizagem.<\\\/span><\\\/p>\\n\n\n<p><span style=\\\"font-weight: 400;\\\"><strong>Plataforma de E-Learning:<\\\/strong> vai reunir os recursos do projeto em unidades de f\\u00e1cil aprendizagem.<\\\/span><\\\/p>\\n\n\n<p><span style=\\\"font-weight: 400;\\\"><strong>Papel com orienta\\u00e7\\u00f5es:<\\\/strong> vai fornecer recomenda\\u00e7\\u00f5es operacionais e pol\\u00edticas baseadas na an\\u00e1lise dos resultados do projeto transnacional para as decis\\u00f5es e decisores pol\\u00edticos no campo da educa\\u00e7\\u00e3o de adultos e da inova\\u00e7\\u00e3o social.<\\\/span><\\\/p>\"}}]},{\"type\":\"column\",\"props\":{\"position_sticky_breakpoint\":\"m\",\"image_position\":\"center-center\",\"media_overlay_gradient\":\"\",\"width_medium\":\"2-5\"},\"children\":[{\"type\":\"image\",\"props\":{\"margin\":\"default\",\"image_svg_color\":\"emphasis\",\"image\":\"wp-content\\\/uploads\\\/2022\\\/09\\\/DigiGo_about-13.svg\",\"image_alt\":\"Outputs\",\"maxwidth\":\"medium\",\"block_align\":\"right\",\"block_align_breakpoint\":\"l\",\"block_align_fallback\":\"center\"}}]}]}],\"name\":\"Outputs\"},{\"type\":\"section\",\"props\":{\"style\":\"muted\",\"width\":\"default\",\"vertical_align\":\"middle\",\"title_position\":\"top-left\",\"title_rotation\":\"left\",\"title_breakpoint\":\"xl\",\"image_position\":\"center-center\",\"animation\":\"fade\"},\"children\":[{\"type\":\"row\",\"props\":{\"layout\":\"2-5,3-5\"},\"children\":[{\"type\":\"column\",\"props\":{\"position_sticky_breakpoint\":\"m\",\"image_position\":\"center-center\",\"media_overlay_gradient\":\"\",\"width_medium\":\"2-5\",\"order_first\":\"l\"},\"children\":[{\"type\":\"image\",\"props\":{\"margin\":\"default\",\"image_svg_color\":\"emphasis\",\"image\":\"wp-content\\\/uploads\\\/2022\\\/09\\\/DigiGo_about-14.svg\",\"image_alt\":\"Aims & Objectives\",\"maxwidth\":\"medium\",\"maxwidth_breakpoint\":\"s\",\"block_align_breakpoint\":\"m\",\"block_align_fallback\":\"center\"}}]},{\"type\":\"column\",\"props\":{\"position_sticky_breakpoint\":\"m\",\"image_position\":\"center-center\",\"media_overlay_gradient\":\"\",\"width_medium\":\"3-5\",\"order_first\":\"xs\"},\"children\":[{\"type\":\"headline\",\"props\":{\"title_element\":\"h2\",\"content\":\"Metodologia\",\"title_style\":\"heading-small\"}},{\"type\":\"text\",\"props\":{\"margin\":\"default\",\"column_breakpoint\":\"m\",\"content\":\"\n\n<p>O projeto \\u00e9 concebido atrav\\u00e9s da metodologia da investiga\\u00e7\\u00e3o participativa de ac\\u00e7\\u00e3o. Isto significa que inclu\\u00edmos a dimens\\u00e3o de interven\\u00e7\\u00e3o comunit\\u00e1ria em todos os nossos programas educacionais, com o objectivo de aproximar a comunidade em todas as fases do projeto. Esta abordagem metodol\\u00f3gica permite o desenvolvimento de uma interven\\u00e7\\u00e3o altamente cooperativa, que acreditamos ser a melhor abordagem metodol\\u00f3gica para trabalhar em programas s\\u00f3cio-educativos com adultos e idosos.<\\\/p>\"}}]}]}],\"name\":\"Methodology\"},{\"type\":\"section\",\"props\":{\"style\":\"default\",\"width\":\"default\",\"vertical_align\":\"middle\",\"title_position\":\"top-left\",\"title_rotation\":\"left\",\"title_breakpoint\":\"xl\",\"image_position\":\"center-center\",\"animation\":\"fade\"},\"children\":[{\"type\":\"row\",\"children\":[{\"type\":\"column\",\"props\":{\"position_sticky_breakpoint\":\"m\",\"image_position\":\"center-center\",\"media_overlay_gradient\":\"\"},\"children\":[{\"type\":\"headline\",\"props\":{\"title_element\":\"h2\",\"content\":\"Parceiros\",\"title_style\":\"heading-small\"}},{\"name\":\"Accordion Image Top\",\"type\":\"accordion\",\"children\":[{\"name\":\"\",\"type\":\"accordion_item\",\"props\":{\"content\":\"\n\n<p>Iserundschmidt tem vindo a operar no campo da comunica\\u00e7\\u00e3o cient\\u00edfica h\\u00e1 mais de 20 anos. Fornecem consultoria estrat\\u00e9gica, desenvolvem campanhas e produ\\u00e7\\u00f5es independentes. O espectro de clientes abrange desde minist\\u00e9rios federais e organiza\\u00e7\\u00f5es de investiga\\u00e7\\u00e3o a funda\\u00e7\\u00f5es e empresas internacionais.<\\\/p>\\n\n\n<p><em>Scienox, powerado, planeterde.de, quantum leap, follow me, science on, grand science slam<\\\/em> - t\\u00edtulos de produ\\u00e7\\u00f5es de iserundschmidt que fornecem insights sobre aspetos desconhecidos da ci\\u00eancia e da tecnologia. A ag\\u00eancia com os seus departamentos de edi\\u00e7\\u00e3o, trabalho de imprensa, gr\\u00e1ficos, eventos, show e digital \\u00e9 pioneira em rela\\u00e7\\u00f5es p\\u00fablicas de ci\\u00eancia aberta e autocr\\u00edtica - e foi respons\\u00e1vel pela conce\\u00e7\\u00e3o e implementa\\u00e7\\u00e3o de uma campanha de di\\u00e1logo para os primeiros tr\\u00eas \\\"anos da ci\\u00eancia\\\" na Alemanha (ano da f\\u00edsica, 2000 \\\/ ano das ci\\u00eancias da vida, 2001 \\\/ ano das geoci\\u00eancias, 2002).<\\\/p>\",\"title\":\"Iserundschmidt GmbH \\u2013 Alemanha\",\"link\":\"https:\\\/\\\/www.iserundschmidt.de\\\/en\\\/\",\"image\":\"wp-content\\\/uploads\\\/2022\\\/09\\\/iserundschmilogo.jpg\"}},{\"name\":\"\",\"type\":\"accordion_item\",\"props\":{\"content\":\"\n\n<p>Proportional Message trabalha no planeamento, implementa\\u00e7\\u00e3o e avalia\\u00e7\\u00e3o de projetos coeducativos, e iniciativas de educa\\u00e7\\u00e3o social, com uma forte parceria entre as empresas locais, as partes interessadas regionais, e os decisores pol\\u00edticos. O principal objetivo \\u00e9 contribuir para a cria\\u00e7\\u00e3o de ambientes educativos, pr\\u00e1ticas e investiga\\u00e7\\u00e3o onde as \\u00e1reas social, emocional, e cognitiva possam ser desenvolvidas.<\\\/p>\",\"title\":\"Proportional Message \\u2013 Associa\\u00e7\\u00e3o \\u2013 Portugal\",\"link\":\"https:\\\/\\\/proportionalmessage.eu\\\/\",\"image\":\"wp-content\\\/uploads\\\/2022\\\/09\\\/PM.png\",\"image_alt\":\"Proportional Message\"}},{\"name\":\"\",\"type\":\"accordion_item\",\"props\":{\"content\":\"\n\n<p>A equipa da Square Dot \\u00e9 especializada nos dom\\u00ednios pol\\u00edticos da inclus\\u00e3o social, migra\\u00e7\\u00e3o, empreendedorismo, ensino e forma\\u00e7\\u00e3o profissional e desenvolvimento de compet\\u00eancias. Neste contexto, o objetivo \\u00e9 desenvolver a investiga\\u00e7\\u00e3o e fornecer aconselhamento pol\\u00edtico com vista a enriquecer as pol\\u00edticas p\\u00fablicas com solu\\u00e7\\u00f5es \\u00e0 medida, inovadoras e socialmente respons\\u00e1veis nas seguintes \\u00e1reas:<\\\/p>\\n\n\n<ul>\\n\n\n<li>Apoio escolar e conce\\u00e7\\u00e3o curricular<\\\/li>\\n\n\n<li>Forma\\u00e7\\u00f5es e desenvolvimento de capacidades<\\\/li>\\n\n\n<li>Pesquisa de pol\\u00edticas<\\\/li>\\n\n\n<li>Aconselhamento sobre financiamento da UE<\\\/li>\\n\n\n<li>Coaching de carreira e mentoria <\\\/li>\\n<\\\/ul>\",\"title\":\"The Square Dot team \\u2013 B\\u00e9lgica\",\"link\":\"https:\\\/\\\/thesquare.team\\\/\",\"image\":\"wp-content\\\/uploads\\\/2022\\\/09\\\/cropped-cropped-cropped-Square-dot-team_rgb-1.png\",\"image_alt\":\"thesquare.team\"}},{\"name\":\"\",\"type\":\"accordion_item\",\"props\":{\"content\":\"\n\n<p><span style=\\\"font-weight: 400;\\\">A Innovatio Hive \\u00e9 uma organiza\\u00e7\\u00e3o privada sem fins lucrativos, localizada em Larissa, Gr\\u00e9cia. A sua principal miss\\u00e3o \\u00e9 trazer inova\\u00e7\\u00e3o em diferentes \\u00e1reas das aplica\\u00e7\\u00f5es, com base na grande parceria das partes interessadas.\\u00a0<\\\/span><\\\/p>\\n\n\n<p><span style=\\\"font-weight: 400;\\\">O objetivo da Innovation Hive \\u00e9 encontrar solu\\u00e7\\u00f5es para os novos desafios da inova\\u00e7\\u00e3o, para alcan\\u00e7ar o crescimento, sustentabilidade e maximizar o impacto para a sociedade. Para alcan\\u00e7ar este objetivo, a estrat\\u00e9gia da organiza\\u00e7\\u00e3o \\u00e9 conduzir investiga\\u00e7\\u00e3o e educa\\u00e7\\u00e3o, bem como promover a inova\\u00e7\\u00e3o atrav\\u00e9s do envolvimento da sociedade, academia, ind\\u00fastria e sector p\\u00fablico com o uso de metodologias de co-cria\\u00e7\\u00e3o e uma abordagem de h\\u00e9lice qu\\u00e1drupla.<\\\/span><\\\/p>\\n\n\n<p>A organiza\\u00e7\\u00e3o \\u00e9 ativa nos dom\\u00ednios da inova\\u00e7\\u00e3o empresarial e social e as suas a\\u00e7\\u00f5es visam refor\\u00e7ar a coes\\u00e3o econ\\u00f3mica e social das sociedades europeias atrav\\u00e9s do desenvolvimento e implementa\\u00e7\\u00e3o de metodologias e instrumentos tecnol\\u00f3gicos orientados para a inova\\u00e7\\u00e3o.<\\\/p>\",\"title\":\"INNOVATION HIVE \\u2013 Gr\\u00e9cia\",\"link\":\"https:\\\/\\\/innovationhive.eu\\\/\",\"image\":\"wp-content\\\/uploads\\\/2022\\\/09\\\/HIVE-LOGO.png\",\"link_text\":\"\",\"image_alt\":\"Innovation Hive\"}},{\"type\":\"accordion_item\",\"props\":{\"title\":\"Exeo Lab Srl \\u2013 It\\u00e1lia\",\"content\":\"\n\n<p>Exeo Lab \\u00e9 uma jovem empresa de Consultoria Empresarial ativa nas \\u00e1reas da Administra\\u00e7\\u00e3o P\\u00fablica e consultoria para PMEs e no campo da coopera\\u00e7\\u00e3o transnacional.<\\\/p>\\n\n\n<p>Gra\\u00e7as a uma equipa altamente especializada, apoiam empresas e startuppers no desenvolvimento e implementa\\u00e7\\u00e3o de processos de gest\\u00e3o da mudan\\u00e7a e desenvolvimento empresarial, orientando-os numa mudan\\u00e7a de perspetiva com uma abordagem altamente criativa, com ferramentas altamente tecnol\\u00f3gicas e propondo estrat\\u00e9gias de desenvolvimento personalizadas para enfrentar os desafios do mercado.<\\\/p>\\n\n\n<p>Tamb\\u00e9m participamos em projetos de investiga\\u00e7\\u00e3o regionais, nacionais e transnacionais destinados a criar oportunidades de desenvolvimento para territ\\u00f3rios, especialmente no campo do empreendedorismo, da inclus\\u00e3o social e laboral e do desenvolvimento sustent\\u00e1vel. <\\\/p>\",\"image\":\"wp-content\\\/uploads\\\/2022\\\/09\\\/LOGO-EXEO-LAB-DEF_2018.png\",\"image_alt\":\"EXEO-LAB\",\"link\":\"https:\\\/\\\/www.exeolab.it\\\/\"}},{\"name\":\"\",\"type\":\"accordion_item\",\"props\":{\"content\":\"\n\n<p><span style=\\\"font-weight: 400;\\\">CARDET (Centre for Advancement of Research and Development in Educational Technology) \\u00e9 uma organiza\\u00e7\\u00e3o independente, sem fins lucrativos, n\\u00e3o governamental, de investiga\\u00e7\\u00e3o e desenvolvimento sediada no Chipre. \\u00c9 um dos principais centros de investiga\\u00e7\\u00e3o e desenvolvimento na regi\\u00e3o euro-mediterr\\u00e2nica, com experi\\u00eancia global na conce\\u00e7\\u00e3o e implementa\\u00e7\\u00e3o de projetos, refor\\u00e7o de capacidades, e e-learning.<\\\/span><\\\/p>\\n\n\n<p><span style=\\\"font-weight: 400;\\\">CARDET \\u00e9 afiliada de forma independente com universidades e institui\\u00e7\\u00f5es de todo o mundo, tais como a Universidade de Yale, a Universidade de Nic\\u00f3sia, e o Conselho Internacional dos Meios de Comunica\\u00e7\\u00e3o Educativos. CARDET concluiu numerosos projetos relacionados com o desenvolvimento de capacita\\u00e7\\u00e3o e planeamento em educa\\u00e7\\u00e3o e EFP, apoio \\u00e0 juventude, educa\\u00e7\\u00e3o de adultos, literacia, ferramentas digitais, e-learning, tecnologia educacional, e integra\\u00e7\\u00e3o social de grupos marginalizados. Uma das principais caracter\\u00edsticas da organiza\\u00e7\\u00e3o \\u00e9 a capacidade de planear, implementar, executar e avaliar cuidadosamente projetos em v\\u00e1rios contextos.<\\\/span><\\\/p>\\n\n\n<p><span style=\\\"font-weight: 400;\\\">A miss\\u00e3o da CARDET \\u00e9 inspirar a educa\\u00e7\\u00e3o da pr\\u00f3xima gera\\u00e7\\u00e3o, e promover a investiga\\u00e7\\u00e3o, inova\\u00e7\\u00e3o e desenvolvimento atrav\\u00e9s de pr\\u00e1ticas baseadas em provas, investiga\\u00e7\\u00e3o de ponta, e pessoas com poder.<\\\/span><\\\/p>\",\"title\":\"CARDET - Chipre\",\"link\":\"https:\\\/\\\/cardet.org\\\/\",\"image\":\"wp-content\\\/uploads\\\/2022\\\/09\\\/CARDET_logo_highRes-aa0311f4.png\",\"link_text\":\"\",\"image_alt\":\"CARDET\"}}],\"props\":{\"multiple\":false,\"collapsible\":true,\"show_image\":true,\"show_link\":true,\"title_element\":\"h3\",\"image_align\":\"left\",\"image_grid_width\":\"1-4\",\"link_text\":\"[website_text]\",\"link_style\":\"secondary\",\"image_svg_color\":\"emphasis\",\"image_grid_breakpoint\":\"m\",\"content_column_breakpoint\":\"m\",\"content_dropcap\":false,\"content_column\":\"\",\"id\":\"accordion-image-top\",\"text_align\":\"center\",\"class\":\"partners-accordion\",\"link_target\":true,\"image_width\":\"150\"}}]}]}]}],\"version\":\"2.7.22\"} --><\/p>\n","protected":false},"excerpt":{"rendered":"<p>Sobre Vis\u00e3o geral O projeto DIGI:GO tem como objetivo apoiar educadores adultos, profissionais de EFP, professores e outros profissionais do campo social e educativo na..<\/p>\n","protected":false},"author":1,"featured_media":0,"parent":0,"menu_order":0,"comment_status":"closed","ping_status":"closed","template":"","meta":{"_acf_changed":false,"inline_featured_image":false,"footnotes":""},"class_list":["post-853","page","type-page","status-publish","hentry"],"acf":[],"_links":{"self":[{"href":"https:\/\/digigo-project.eu\/pt-pt\/wp-json\/wp\/v2\/pages\/853","targetHints":{"allow":["GET"]}}],"collection":[{"href":"https:\/\/digigo-project.eu\/pt-pt\/wp-json\/wp\/v2\/pages"}],"about":[{"href":"https:\/\/digigo-project.eu\/pt-pt\/wp-json\/wp\/v2\/types\/page"}],"author":[{"embeddable":true,"href":"https:\/\/digigo-project.eu\/pt-pt\/wp-json\/wp\/v2\/users\/1"}],"replies":[{"embeddable":true,"href":"https:\/\/digigo-project.eu\/pt-pt\/wp-json\/wp\/v2\/comments?post=853"}],"version-history":[{"count":9,"href":"https:\/\/digigo-project.eu\/pt-pt\/wp-json\/wp\/v2\/pages\/853\/revisions"}],"predecessor-version":[{"id":1065,"href":"https:\/\/digigo-project.eu\/pt-pt\/wp-json\/wp\/v2\/pages\/853\/revisions\/1065"}],"wp:attachment":[{"href":"https:\/\/digigo-project.eu\/pt-pt\/wp-json\/wp\/v2\/media?parent=853"}],"curies":[{"name":"wp","href":"https:\/\/api.w.org\/{rel}","templated":true}]}}